{"id":443,"date":"2019-10-27T11:49:21","date_gmt":"2019-10-27T09:49:21","guid":{"rendered":"http:\/\/jciidun.cluster028.hosting.ovh.net\/?page_id=443"},"modified":"2020-07-01T17:04:22","modified_gmt":"2020-07-01T15:04:22","slug":"riding-in-la-grave","status":"publish","type":"page","link":"https:\/\/www.bikelagrave.com\/fr\/riding-in-la-grave\/","title":{"rendered":"Rouler \u00e0 La Grave"},"content":{"rendered":"<section class=\"wpb-content-wrapper\">[vc_row full_width=&#8221;stretch_row_content_no_spaces&#8221;][vc_column][vc_single_image image=&#8221;487&#8243; img_size=&#8221;full&#8221; alignment=&#8221;center&#8221;][\/vc_column][\/vc_row][vc_row][vc_column][vc_column_text]\n<h1 style=\"text-align: center;\">Rouler \u00e0 La Grave<\/h1>\n<h4 style=\"text-align: center;\"><strong>La meilleure p\u00e9riode pour faire du VTT \u00e0 La Grave est de mi-juin \u00e0 mi-novembre. <\/strong><\/h4>\n<h4 style=\"text-align: center;\"><strong>Voici quelques informations sur cet endroit assez atypique.<\/strong><\/h4>\n[\/vc_column_text][\/vc_column][\/vc_row][vc_row][vc_column][vc_tta_accordion active_section=&#8221;&#8221;][vc_tta_section i_position=&#8221;right&#8221; i_icon_fontawesome=&#8221;fa fa-sun-o&#8221; add_icon=&#8221;true&#8221; title=&#8221;\u00c9t\u00e9&#8221; tab_id=&#8221;1572169453092-640e7a91-889a&#8221;][vc_row_inner][vc_column_inner width=&#8221;1\/2&#8243;][vc_column_text]<span style=\"font-weight: 400;\">La Grave est situ\u00e9e \u00e0 1450m d\u2019altitude, les temp\u00e9ratures restent donc agr\u00e9able m\u00eame pendant les p\u00e9riodes de canicules. Le t\u00e9l\u00e9ph\u00e9rique est ouvert de mi-juin \u00e0 mi-septembre et les stations voisines ferment fin ao\u00fbt. Si vous voulez utiliser les remont\u00e9es m\u00e9caniques assurez-vous de r\u00e9server dans la bonne p\u00e9riode. Que l\u2019on roule dans les champs de fleurs au bord des n\u00e9v\u00e9s en d\u00e9but de saison ou avec les premi\u00e8res couleurs d\u2019automne en septembre, les \u00e9t\u00e9s Gravarot sont fantastiques !<\/span>[\/vc_column_text][\/vc_column_inner][vc_column_inner width=&#8221;1\/2&#8243;][vc_single_image image=&#8221;873&#8243; img_size=&#8221;full&#8221; alignment=&#8221;center&#8221;][\/vc_column_inner][\/vc_row_inner][\/vc_tta_section][vc_tta_section i_position=&#8221;right&#8221; i_icon_fontawesome=&#8221;fa fa-pagelines&#8221; add_icon=&#8221;true&#8221; title=&#8221;Automne&#8221; tab_id=&#8221;1572169453113-4bb135e0-5424&#8243;][vc_row_inner][vc_column_inner width=&#8221;1\/2&#8243;][vc_column_text]<span style=\"font-weight: 400;\">Les couleurs d\u2019automne sont fantastiques dans les Hautes Alpes. Les temp\u00e9ratures sont parfaites pour se balader dans les m\u00e9l\u00e8zes jaunes orange et les bruy\u00e8res rougeoyantes. Il n\u2019y a pas de remont\u00e9es m\u00e9caniques apr\u00e8s mi-septembre mais les sorties enduro sont vraiment d\u00e9mentes \u00e0 cette p\u00e9riode de l\u2019ann\u00e9e.<\/span>[\/vc_column_text][\/vc_column_inner][vc_column_inner width=&#8221;1\/2&#8243;][vc_images_carousel images=&#8221;479,478,483,481,480,482,477&#8243; img_size=&#8221;full&#8221; autoplay=&#8221;yes&#8221; hide_pagination_control=&#8221;yes&#8221; hide_prev_next_buttons=&#8221;yes&#8221; wrap=&#8221;yes&#8221;][\/vc_column_inner][\/vc_row_inner][\/vc_tta_section][vc_tta_section i_position=&#8221;right&#8221; i_icon_fontawesome=&#8221;fa fa-map-o&#8221; add_icon=&#8221;true&#8221; title=&#8221;Comment Venir&#8221; tab_id=&#8221;1572169963811-2c0f90fd-449b&#8221;][vc_row_inner][vc_column_inner width=&#8221;1\/2&#8243;][vc_column_text]<span style=\"font-weight: 400;\">La Grave est situ\u00e9e dans les Hautes Alpes, au bord du parc national des Ecrins, entre Grenoble et Brian\u00e7on<\/span>[\/vc_column_text][\/vc_column_inner][vc_column_inner width=&#8221;1\/2&#8243;][vc_gmaps link=&#8221;#E-8_JTNDaWZyYW1lJTIwc3JjJTNEJTIyaHR0cHMlM0ElMkYlMkZ3d3cuZ29vZ2xlLmNvbSUyRm1hcHMlMkZlbWJlZCUzRnBiJTNEJTIxMW0xOCUyMTFtMTIlMjExbTMlMjExZDYwNjQyOC41OTc4MjUzOTE4JTIxMmQ2LjI4MzgwNDY3MjkwNTkwOSUyMTNkNDUuMDg5Mjk5MzA0MjYxODMlMjEybTMlMjExZjAlMjEyZjAlMjEzZjAlMjEzbTIlMjExaTEwMjQlMjEyaTc2OCUyMTRmMTMuMSUyMTNtMyUyMTFtMiUyMTFzMHg0NzhhMTllMmFhZmM1YjQzJTI1M0EweDQwODE5YTVmZDk3YTc0MCUyMTJzTGElMjUyMEdyYXZlJTIxNWUwJTIxM20yJTIxMXNmciUyMTJzZnIlMjE0djE1NzIxODUzNDYzODklMjE1bTIlMjExc2ZyJTIxMnNmciUyMiUyMHdpZHRoJTNEJTIyODAwJTIyJTIwaGVpZ2h0JTNEJTIyNjAwJTIyJTIwZnJhbWVib3JkZXIlM0QlMjIwJTIyJTIwc3R5bGUlM0QlMjJib3JkZXIlM0EwJTNCJTIyJTIwYWxsb3dmdWxsc2NyZWVuJTNEJTIyJTIyJTNFJTNDJTJGaWZyYW1lJTNF&#8221; size=&#8221;&#8221;][\/vc_column_inner][\/vc_row_inner][\/vc_tta_section][vc_tta_section i_position=&#8221;right&#8221; i_icon_fontawesome=&#8221;fa fa-bus&#8221; add_icon=&#8221;true&#8221; title=&#8221;Transport&#8221; tab_id=&#8221;1572185388302-81be8eaa-c322&#8243;][vc_row_inner][vc_column_inner width=&#8221;1\/2&#8243;][vc_column_text]<span style=\"font-weight: 400;\">Les a\u00e9roports les plus pratiques sont Lyon (LYS) ou Gen\u00e8ve (GVA)<\/span><\/p>\n<p><span style=\"font-weight: 400;\">De l\u2019a\u00e9roport plusieurs options :<\/span><\/p>\n<ul>\n<li><span style=\"font-weight: 400;\">Louer une voiture et conduire 2H<\/span><\/li>\n<li><span style=\"font-weight: 400;\"><span style=\"font-weight: 400;\">Prendre un taxi :\u00a0<\/span><\/span>T\u00e9l : 06 79 53 45 67 ou 06 09 37 94 90<\/li>\n<li><span style=\"font-weight: 400;\">Nombreux trains ou bus pour Grenoble au d\u00e9part de Lyon et Gen\u00e8ve. Train Paris Grenoble<\/span><a href=\"https:\/\/www.oui.sncf\/\"><span style=\"font-weight: 400;\"> https:\/\/www.oui.sncf<\/span><\/a><\/li>\n<\/ul>\n<p><span style=\"font-weight: 400;\">De Grenoble \u00e0 La Grave : <\/span><\/p>\n<ul>\n<li><span style=\"font-weight: 400;\">Bus :<\/span><a href=\"http:\/\/transdevdauphine.com\/en\" target=\"_blank\" rel=\"noopener noreferrer\"><span style=\"font-weight: 400;\"> http:\/\/transdevdauphine.com\/en<\/span><\/a><\/li>\n<li><span style=\"font-weight: 400;\">Bus : <a href=\"https:\/\/www.transisere.fr\/\" target=\"_blank\" rel=\"noopener noreferrer\">https:\/\/www.transisere.fr\/<\/a><\/span><\/li>\n<li><span style=\"font-weight: 400;\">Bus LER 35 :<\/span><a href=\"https:\/\/www.autocars-resalp.com\/resa_1501_siteweb\/wp-content\/uploads\/2019\/12\/FH-LER-35-Brian%C3%A7on-Grenoble-%C3%A0-compter-du-09-12-2019.pdf\" target=\"_blank\" rel=\"noopener noreferrer\"><span style=\"font-weight: 400;\"> https:\/\/www.autocars-resalp.com\/resa_1501_siteweb\/wp-content\/uploads\/2019\/12\/FH-LER-35-Brian%C3%A7on-Grenoble-%C3%A0-compter-du-09-12-2019.pdf<\/span><\/a><span style=\"font-weight: 400;\">\u00a0<\/span><\/li>\n<li><span style=\"font-weight: 400;\"><span style=\"font-weight: 400;\">Taxi :\u00a0<\/span><\/span>T\u00e9l. 06 79 53 45 67 ou 06 09 37 94 90<\/li>\n<\/ul>\n<p><span style=\"font-weight: 400;\">Une fois \u00e0 La Grave, pas besoin de voiture. Tout est faisable \u00e0 pied, le village n\u2019est pas grand et nous organisons les navettes !<\/span>[\/vc_column_text][\/vc_column_inner][vc_column_inner width=&#8221;1\/2&#8243;][vc_single_image image=&#8221;18&#8243; img_size=&#8221;full&#8221; alignment=&#8221;center&#8221;][\/vc_column_inner][\/vc_row_inner][\/vc_tta_section][\/vc_tta_accordion][\/vc_column][\/vc_row]\n<\/section>","protected":false},"excerpt":{"rendered":"<p>[vc_row full_width=&#8221;stretch_row_content_no_spaces&#8221;][vc_column][vc_single_image image=&#8221;487&#8243; img_size=&#8221;full&#8221; alignment=&#8221;center&#8221;][\/vc_column][\/vc_row][vc_row][vc_column][vc_column_text] Rouler \u00e0 La Grave La meilleure p\u00e9riode pour faire du VTT \u00e0 La Grave est de mi-juin \u00e0 mi-novembre. Voici quelques informations sur cet endroit assez atypique. [\/vc_column_text][\/vc_column][\/vc_row][vc_row][vc_column][vc_tta_accordion active_section=&#8221;&#8221;][vc_tta_section i_position=&#8221;right&#8221; i_icon_fontawesome=&#8221;fa fa-sun-o&#8221; add_icon=&#8221;true&#8221; title=&#8221;\u00c9t\u00e9&#8221; tab_id=&#8221;1572169453092-640e7a91-889a&#8221;][vc_row_inner][vc_column_inner width=&#8221;1\/2&#8243;][vc_column_text]La Grave est situ\u00e9e \u00e0 1450m d\u2019altitude, les temp\u00e9ratures restent donc agr\u00e9able m\u00eame pendant les&hellip;<\/p>\n","protected":false},"author":2,"featured_media":0,"parent":0,"menu_order":0,"comment_status":"closed","ping_status":"closed","template":"","meta":{"inline_featured_image":false},"acf":[],"yoast_head":"<!-- This site is optimized with the Yoast SEO plugin v21.8.1 - https:\/\/yoast.com\/wordpress\/plugins\/seo\/ -->\n<title>Bike La Grave - Riding in La Grave \/ Rouler \u00e0 La Grave<\/title>\n<meta name=\"description\" content=\"Riding in La Grave. Mountain biking in La Grave is best from mid-June to mid-November. Summer riding. Autumn riding. Getting here. Transportation.\" \/>\n<meta name=\"robots\" content=\"index, follow, max-snippet:-1, max-image-preview:large, max-video-preview:-1\" \/>\n<link rel=\"canonical\" href=\"https:\/\/www.bikelagrave.com\/fr\/riding-in-la-grave\/\" \/>\n<meta property=\"og:locale\" content=\"fr_FR\" \/>\n<meta property=\"og:type\" content=\"article\" \/>\n<meta property=\"og:title\" content=\"Bike La Grave - Riding in La Grave \/ Rouler \u00e0 La Grave\" \/>\n<meta property=\"og:description\" content=\"Riding in La Grave. Mountain biking in La Grave is best from mid-June to mid-November. Summer riding. Autumn riding. Getting here. Transportation.\" \/>\n<meta property=\"og:url\" content=\"https:\/\/www.bikelagrave.com\/fr\/riding-in-la-grave\/\" \/>\n<meta property=\"og:site_name\" content=\"Bike La Grave\" \/>\n<meta property=\"article:modified_time\" content=\"2020-07-01T15:04:22+00:00\" \/>\n<meta name=\"twitter:card\" content=\"summary_large_image\" \/>\n<meta name=\"twitter:label1\" content=\"Dur\u00e9e de lecture estim\u00e9e\" \/>\n\t<meta name=\"twitter:data1\" content=\"7 minutes\" \/>\n<script type=\"application\/ld+json\" class=\"yoast-schema-graph\">{\"@context\":\"https:\/\/schema.org\",\"@graph\":[{\"@type\":\"WebPage\",\"@id\":\"https:\/\/www.bikelagrave.com\/fr\/riding-in-la-grave\/\",\"url\":\"https:\/\/www.bikelagrave.com\/fr\/riding-in-la-grave\/\",\"name\":\"Bike La Grave - Riding in La Grave \/ Rouler \u00e0 La Grave\",\"isPartOf\":{\"@id\":\"https:\/\/www.bikelagrave.com\/#website\"},\"datePublished\":\"2019-10-27T09:49:21+00:00\",\"dateModified\":\"2020-07-01T15:04:22+00:00\",\"description\":\"Riding in La Grave. Mountain biking in La Grave is best from mid-June to mid-November. Summer riding. Autumn riding. Getting here. Transportation.\",\"breadcrumb\":{\"@id\":\"https:\/\/www.bikelagrave.com\/fr\/riding-in-la-grave\/#breadcrumb\"},\"inLanguage\":\"fr-FR\",\"potentialAction\":[{\"@type\":\"ReadAction\",\"target\":[\"https:\/\/www.bikelagrave.com\/fr\/riding-in-la-grave\/\"]}]},{\"@type\":\"BreadcrumbList\",\"@id\":\"https:\/\/www.bikelagrave.com\/fr\/riding-in-la-grave\/#breadcrumb\",\"itemListElement\":[{\"@type\":\"ListItem\",\"position\":1,\"name\":\"Home\",\"item\":\"https:\/\/www.bikelagrave.com\/\"},{\"@type\":\"ListItem\",\"position\":2,\"name\":\"Rouler \u00e0 La Grave\"}]},{\"@type\":\"WebSite\",\"@id\":\"https:\/\/www.bikelagrave.com\/#website\",\"url\":\"https:\/\/www.bikelagrave.com\/\",\"name\":\"Bike La Grave\",\"description\":\"Biking in La Grave\",\"potentialAction\":[{\"@type\":\"SearchAction\",\"target\":{\"@type\":\"EntryPoint\",\"urlTemplate\":\"https:\/\/www.bikelagrave.com\/?s={search_term_string}\"},\"query-input\":\"required name=search_term_string\"}],\"inLanguage\":\"fr-FR\"}]}<\/script>\n<!-- \/ Yoast SEO plugin. -->","yoast_head_json":{"title":"Bike La Grave - Riding in La Grave \/ Rouler \u00e0 La Grave","description":"Riding in La Grave. Mountain biking in La Grave is best from mid-June to mid-November. Summer riding. Autumn riding. Getting here. Transportation.","robots":{"index":"index","follow":"follow","max-snippet":"max-snippet:-1","max-image-preview":"max-image-preview:large","max-video-preview":"max-video-preview:-1"},"canonical":"https:\/\/www.bikelagrave.com\/fr\/riding-in-la-grave\/","og_locale":"fr_FR","og_type":"article","og_title":"Bike La Grave - Riding in La Grave \/ Rouler \u00e0 La Grave","og_description":"Riding in La Grave. Mountain biking in La Grave is best from mid-June to mid-November. Summer riding. Autumn riding. Getting here. Transportation.","og_url":"https:\/\/www.bikelagrave.com\/fr\/riding-in-la-grave\/","og_site_name":"Bike La Grave","article_modified_time":"2020-07-01T15:04:22+00:00","twitter_card":"summary_large_image","twitter_misc":{"Dur\u00e9e de lecture estim\u00e9e":"7 minutes"},"schema":{"@context":"https:\/\/schema.org","@graph":[{"@type":"WebPage","@id":"https:\/\/www.bikelagrave.com\/fr\/riding-in-la-grave\/","url":"https:\/\/www.bikelagrave.com\/fr\/riding-in-la-grave\/","name":"Bike La Grave - Riding in La Grave \/ Rouler \u00e0 La Grave","isPartOf":{"@id":"https:\/\/www.bikelagrave.com\/#website"},"datePublished":"2019-10-27T09:49:21+00:00","dateModified":"2020-07-01T15:04:22+00:00","description":"Riding in La Grave. Mountain biking in La Grave is best from mid-June to mid-November. Summer riding. Autumn riding. Getting here. Transportation.","breadcrumb":{"@id":"https:\/\/www.bikelagrave.com\/fr\/riding-in-la-grave\/#breadcrumb"},"inLanguage":"fr-FR","potentialAction":[{"@type":"ReadAction","target":["https:\/\/www.bikelagrave.com\/fr\/riding-in-la-grave\/"]}]},{"@type":"BreadcrumbList","@id":"https:\/\/www.bikelagrave.com\/fr\/riding-in-la-grave\/#breadcrumb","itemListElement":[{"@type":"ListItem","position":1,"name":"Home","item":"https:\/\/www.bikelagrave.com\/"},{"@type":"ListItem","position":2,"name":"Rouler \u00e0 La Grave"}]},{"@type":"WebSite","@id":"https:\/\/www.bikelagrave.com\/#website","url":"https:\/\/www.bikelagrave.com\/","name":"Bike La Grave","description":"Biking in La Grave","potentialAction":[{"@type":"SearchAction","target":{"@type":"EntryPoint","urlTemplate":"https:\/\/www.bikelagrave.com\/?s={search_term_string}"},"query-input":"required name=search_term_string"}],"inLanguage":"fr-FR"}]}},"_links":{"self":[{"href":"https:\/\/www.bikelagrave.com\/fr\/wp-json\/wp\/v2\/pages\/443"}],"collection":[{"href":"https:\/\/www.bikelagrave.com\/fr\/wp-json\/wp\/v2\/pages"}],"about":[{"href":"https:\/\/www.bikelagrave.com\/fr\/wp-json\/wp\/v2\/types\/page"}],"author":[{"embeddable":true,"href":"https:\/\/www.bikelagrave.com\/fr\/wp-json\/wp\/v2\/users\/2"}],"replies":[{"embeddable":true,"href":"https:\/\/www.bikelagrave.com\/fr\/wp-json\/wp\/v2\/comments?post=443"}],"version-history":[{"count":22,"href":"https:\/\/www.bikelagrave.com\/fr\/wp-json\/wp\/v2\/pages\/443\/revisions"}],"predecessor-version":[{"id":1109,"href":"https:\/\/www.bikelagrave.com\/fr\/wp-json\/wp\/v2\/pages\/443\/revisions\/1109"}],"wp:attachment":[{"href":"https:\/\/www.bikelagrave.com\/fr\/wp-json\/wp\/v2\/media?parent=443"}],"curies":[{"name":"wp","href":"https:\/\/api.w.org\/{rel}","templated":true}]}}